{"id":3223,"date":"2022-05-20T23:34:56","date_gmt":"2022-05-20T21:34:56","guid":{"rendered":"https:\/\/nspj.wroclaw.pl\/new\/?page_id=3223"},"modified":"2023-07-14T22:29:13","modified_gmt":"2023-07-14T20:29:13","slug":"dom-parafialny-im-sw-jana-pawla-ii","status":"publish","type":"page","link":"https:\/\/nspj.wroclaw.pl\/new\/dom-parafialny-im-sw-jana-pawla-ii\/","title":{"rendered":"Dom Parafialny im. \u015bw JP II"},"content":{"rendered":"<h4 style=\"text-align: center;\"><span style=\"color: #000000;\"><strong>Historia powstania Domu Parafialnego im \u015aw. Jana Paw\u0142a II<\/strong><\/span><\/h4>\n<p><img loading=\"lazy\" decoding=\"async\" class=\"aligncenter wp-image-3231\" src=\"https:\/\/nspj.wroclaw.pl\/new\/wp-content\/uploads\/2022\/05\/dom-parafialny-sw-jp2-300x200.jpg\" alt=\"\" width=\"550\" height=\"367\" srcset=\"https:\/\/nspj.wroclaw.pl\/new\/wp-content\/uploads\/2022\/05\/dom-parafialny-sw-jp2-300x200.jpg 300w, https:\/\/nspj.wroclaw.pl\/new\/wp-content\/uploads\/2022\/05\/dom-parafialny-sw-jp2-1024x684.jpg 1024w, https:\/\/nspj.wroclaw.pl\/new\/wp-content\/uploads\/2022\/05\/dom-parafialny-sw-jp2-768x513.jpg 768w, https:\/\/nspj.wroclaw.pl\/new\/wp-content\/uploads\/2022\/05\/dom-parafialny-sw-jp2-1536x1025.jpg 1536w, https:\/\/nspj.wroclaw.pl\/new\/wp-content\/uploads\/2022\/05\/dom-parafialny-sw-jp2-600x401.jpg 600w, https:\/\/nspj.wroclaw.pl\/new\/wp-content\/uploads\/2022\/05\/dom-parafialny-sw-jp2-240x160.jpg 240w, https:\/\/nspj.wroclaw.pl\/new\/wp-content\/uploads\/2022\/05\/dom-parafialny-sw-jp2-272x182.jpg 272w, https:\/\/nspj.wroclaw.pl\/new\/wp-content\/uploads\/2022\/05\/dom-parafialny-sw-jp2.jpg 1600w\" sizes=\"auto, (max-width: 550px) 100vw, 550px\" \/><\/p>\n<p style=\"text-align: left;\"><span style=\"color: #000000;\">Zacz\u0119\u0142a si\u0119 ona wtedy, kiedy trwa\u0142 jeszcze pontyfikat Papie\u017ca-Polaka, naszego Wielkiego Rodaka i kiedy zacz\u0119li\u015bmy sobie zdawa\u0107 spraw\u0119 z tego, \u017ce ten pontyfikat \u2013 wcze\u015bniej czy p\u00f3\u017aniej \u2013 sko\u0144czy si\u0119 i dobrze by\u0142oby go w jaki\u015b godny spos\u00f3b upami\u0119tni\u0107.<\/span><\/p>\n<p style=\"text-align: left;\"><span style=\"color: #000000;\">Pomnik\u00f3w w postaci figur czy r\u00f3\u017cnego rodzaju znak\u00f3w pami\u0119ci o nim, jeszcze za jego \u017cycia powsta\u0142o bardzo wiele. Chodzi\u0142o jednak o taki rodzaj upami\u0119tnienia, kt\u00f3re b\u0119dzie nie tylko o nim przypomina\u0142o, ale tak\u017ce s\u0142u\u017cy\u0142o &#8211; w duchu tego pontyfikatu &#8211; \u017cywemu Ko\u015bcio\u0142owi, czyli rodzinom, dzieciom i m\u0142odzie\u017cy.<\/span><\/p>\n<p style=\"text-align: left;\"><span style=\"color: #000000;\">\u201eTaka okazja nadarzy\u0142a si\u0119 akurat wtedy, kiedy 18.09.2006 r. zosta\u0142em mianowany proboszczem Parafii NSPJ we Wroc\u0142awiu-Paw\u0142owicach\u201d, jak wspomina to wydarzenie Ks. Proboszcz M. Macha\u0142. Okaza\u0142o si\u0119, \u017ce w tej Parafii jest przedwojenny, po-ewangelicki ko\u015bci\u00f3\u0142 przy kt\u00f3rym praktycznie nie by\u0142o \u017cadnego innego obiektu, kt\u00f3ry umo\u017cliwia\u0142by realizacj\u0119 aspiracji najm\u0142odszych zw\u0142aszcza Parafian. Oni sami w tym czasie byli zaanga\u017cowani w realizacj\u0119 idei \u015bwietlicy, jaka funkcjonowa\u0142a przy tym\u017ce ko\u015bciele. Ponadto ksi\u0119\u017ca mieszkali na terenie osiedla, w domu znacz\u0105co odleg\u0142ym od samego ko\u015bcio\u0142a. St\u0105d cz\u0119sto zdarza\u0142y si\u0119 poszukiwania i pytania ludzi spoza Parafii: Gdzie tu jest Parafia? Gdzie tu mieszka ksi\u0105dz???&nbsp;&nbsp;<\/span><\/p>\n<p style=\"text-align: left;\"><span style=\"color: #000000;\">Pierwsz\u0105 inicjatyw\u0105 zwi\u0105zan\u0105 z upami\u0119tnieniem Pontyfikatu JP II by\u0142y comiesi\u0119czne Apele odbywaj\u0105ce si\u0119 2-go ka\u017cdego miesi\u0105ca, od dnia \u015bmierci Jana Paw\u0142a II, a nast\u0119pnie \u2013 ju\u017c po kanonizacji \u2013 comiesi\u0119czna modlitwa i wspomnienie &nbsp;zwi\u0105zane z dniem 22.10. \u2013 czyli dniem inauguracji tego pontyfikatu i trwa ona do dnia dzisiejszego.&nbsp;<\/span><\/p>\n<p style=\"text-align: left;\"><span style=\"color: #000000;\">W tym czasie pojawi\u0142a si\u0119 te\u017c inicjatywa zbierania pami\u0105tek zwi\u0105zanych z \u017cyciem i dzia\u0142alno\u015bci\u0105 \u015awi\u0119tego Papie\u017ca. Pierwsz\u0105 z nich sta\u0142o si\u0119 zakupienie Dzie\u0142 Zebranych Papie\u017ca Jana Paw\u0142a II, wydanych pod patronatem + P. &nbsp;Prezydenta RP Lecha Kaczy\u0144skiego, a nast\u0119pnie uzyskanie relikwii, jak\u0105 sta\u0142 si\u0119 najpierw korpora\u0142 na kt\u00f3rym Papie\u017c JP II celebrowa\u0142 Msze \u015bw., jak to potwierdzi\u0142 jego osobisty sekretarz, p\u00f3\u017aniejszy ks. kard. Stanis\u0142aw Dziwisz. Na pro\u015bb\u0119 Ks. Proboszcza \u2013 Ks. Kardyna\u0142 przekaza\u0142 nam tak\u017ce relikwi\u0119 z krwi\u0105 Papie\u017ca, zachowan\u0105 na materiale opatrunkowym po zamachu na jego \u017cycie w 1981 r. W ten spos\u00f3b odbywa\u0142o si\u0119 budowanie zaplecza duchowego dla dzie\u0142, kt\u00f3rym mia\u0142 patronowa\u0107 \u015aw. Jan Pawe\u0142 II w naszej Parafii.<\/span><\/p>\n<p style=\"text-align: left;\"><span style=\"color: #000000;\">Pierwszym materialnym przedsi\u0119wzi\u0119ciem upami\u0119tniaj\u0105cym pontyfikat Jana Paw\u0142a II w naszej Parafii sta\u0142a si\u0119 dzwonnica i trzy dzwony, zw\u0142aszcza \u015aw. O. Pio i \u015aw. Jana Paw\u0142a II, kt\u00f3re zosta\u0142y ufundowane i po\u015bwi\u0119cone uroczy\u015bcie w 6 r. \u015bmierci Papie\u017ca-Polaka.<\/span><\/p>\n<p style=\"text-align: left;\"><span style=\"color: #000000;\">Nast\u0119pnym sta\u0142a si\u0119 budowa ko\u015bcio\u0142a filialnego w Pruszowicach, kt\u00f3ra zosta\u0142a zwie\u0144czona konsekracj\u0105 dnia 18.09.2021. Jego budowa zosta\u0142a zapocz\u0105tkowana w 2010 r.; i r\u00f3wnie\u017c tam \u2013 przy tym ko\u015bciele znajduj\u0105 si\u0119 relikwie \u015aw. JP II. &nbsp;<\/span><\/p>\n<p style=\"text-align: left;\"><span style=\"color: #000000;\">Budowa Domu Parafialnego rozpocz\u0119\u0142a si\u0119 w roku 2014, ale przygotowania do tego wyprzedzi\u0142y budow\u0119 ko\u015bcio\u0142a w Pruszowicach. Ostatecznie jednak \u2013 z uwagi na oczekiwania mieszka\u0144c\u00f3w Pruszowic oraz samych Paw\u0142owiczan \u2013 najpierw zosta\u0142a podj\u0119ta budowa ko\u015bcio\u0142a a potem dopiero budowa Domu parafialnego. Z tych te\u017c powod\u00f3w, w pewnym okresie czasu, Parafia zmaga\u0142a si\u0119 a\u017c z podw\u00f3jnym obci\u0105\u017ceniem inwestycyjnym.<\/span><\/p>\n<p style=\"text-align: left;\"><span style=\"color: #000000;\">Pierwszy projekt koncepcyjny zosta\u0142 opracowany przez zesp\u00f3\u0142 projektancki w kt\u00f3rym du\u017c\u0105 rol\u0119 odegra\u0142a P. in\u017c. Ma\u0142gorzata \u017bugaj-Hendrich, kt\u00f3ra p\u00f3\u017aniej si\u0119 jednak z tego zespo\u0142u wycofa\u0142a, a&nbsp; rozpocz\u0119te dzie\u0142o poprowadzi\u0142 dalej projektant P. Tadeusz Szuka\u0142a, a po nim P. in\u017c. Rafa\u0142 Pyrcz, kt\u00f3ry ostatecznie doprowadzi\u0142 to dzie\u0142o do szcz\u0119\u015bliwego ko\u0144ca. Kierownictwo realizacji ca\u0142ego projektu przyj\u0105\u0142 na siebie P. in\u017c. Wojciech Stachowiak, kt\u00f3ry wcze\u015bniej kierowa\u0142 tak\u017ce budow\u0105 ko\u015bcio\u0142a pruszowickiego.<\/span><\/p>\n<p style=\"text-align: left;\"><span style=\"color: #000000;\">Budowniczym Domu parafialnego by\u0142 P. Robert Ha\u0142ycz, kt\u00f3ry wcze\u015bniej wraz ze swoj\u0105 ekip\u0105 prowadzi\u0142 budow\u0119 ko\u015bcio\u0142a w Pruszowicach. Obaj Panowie, zar\u00f3wno P. Wojciech Stachowiak jak i P. Robert Ha\u0142ycz zostali odznaczeni Medalem \u015aw. Jadwigi \u015al\u0105skiej podczas uroczysto\u015bci konsekracyjnej ko\u015bcio\u0142a pruszowickiego. &nbsp;<\/span><\/p>\n<p style=\"text-align: left;\"><span style=\"color: #000000;\"><strong>W dniu 18 maja 2022 <\/strong>w 102 rocznic\u0119 urodzin Karola Wojty\u0142y \u2013 \u015aw. Jana Paw\u0142a II, pod przewodnictwem Ks. Abp J\u00f3zefa Kupnego, odby\u0142o si\u0119 <a href=\"https:\/\/nspj.wroclaw.pl\/new\/poswiecenie-domu-parafialnego-i-bierzmowanie-2022-05-18\/\" target=\"_blank\" rel=\"noopener\"><strong>po\u015bwi\u0119cenie Domu Parafialnego <\/strong><\/a>oraz ods\u0142oni\u0119cia tablicy pami\u0105tkowej.<\/span><\/p>\n<p style=\"text-align: left;\"><span style=\"color: #000000;\">Parafia wyra\u017ca ogromn\u0105 wdzi\u0119czno\u015b\u0107 wszystkim Ofiarodawcom i Budowniczym, zw\u0142aszcza tym, kt\u00f3rzy bezinteresownie wnosili sw\u00f3j wielki wk\u0142ad w powstanie tego Domu. Najbardziej ofiarnym z po\u015br\u00f3d nich &#8211; Ks. Abp J. Kupny Metropolita Wroc\u0142awski, na pro\u015bb\u0119 Ks. Proboszcza \u2013 przyzna\u0142 odznaczenia Medalem \u015aw. Jadwigi \u015al\u0105skiej. Do os\u00f3b tych nale\u017c\u0105: 1) P. Rafa\u0142 Pyrcz &#8211; projektant; 2) P. Marek Pindur &#8211; geodeta; 3) P. Jerzy Wilusz \u2013 kieruj\u0105cy zespo\u0142em elektryk\u00f3w; 4) P. Edward Macuski, 5) P. Jan Nowicki oraz P. Marek Niedzielski. Wyr\u00f3\u017cnionym tym zaszczytnym odznaczeniem serdecznie gratulujemy, a wszystkim, kt\u00f3rzy wnie\u015bli jakikolwiek wk\u0142ad w powstanie tego Domu \u2013 \u017cyczymy nieustannej opieki i wstawiennictwa \u015aw. JP II, zar\u00f3wno w \u017cyciu osobistym jak i rodzinnym.&nbsp; &nbsp;&nbsp;&nbsp;&nbsp;&nbsp;&nbsp;&nbsp;<\/span><\/p>\n<p><a href=\"https:\/\/nspj.wroclaw.pl\/new\/budowa-domu-parafialnego-im-sw-jana-pawla-ii\/\" target=\"_blank\" rel=\"noopener\"><strong>Etapy budowy Domu Parafialnego &#8211; Galeria<\/strong><\/a><\/p>\n","protected":false},"excerpt":{"rendered":"<p>Historia powstania Domu Parafialnego im \u015aw. Jana Paw\u0142a II Zacz\u0119\u0142a si\u0119 ona wtedy, kiedy trwa\u0142 jeszcze pontyfikat Papie\u017ca-Polaka, naszego Wielkiego Rodaka i kiedy zacz\u0119li\u015bmy sobie zdawa\u0107 spraw\u0119 z tego, \u017ce ten pontyfikat \u2013 wcze\u015bniej czy p\u00f3\u017aniej \u2013 sko\u0144czy si\u0119 i dobrze by\u0142oby go w jaki\u015b godny spos\u00f3b upami\u0119tni\u0107. Pomnik\u00f3w w postaci figur czy r\u00f3\u017cnego rodzaju&hellip; <br \/> <a class=\"read-more\" href=\"https:\/\/nspj.wroclaw.pl\/new\/dom-parafialny-im-sw-jana-pawla-ii\/\">Dowiedz si\u0119 wi\u0119cej<\/a><\/p>\n","protected":false},"author":1,"featured_media":3231,"parent":0,"menu_order":0,"comment_status":"closed","ping_status":"closed","template":"elementor_theme","meta":{"ngg_post_thumbnail":0,"footnotes":""},"class_list":["post-3223","page","type-page","status-publish","has-post-thumbnail","hentry"],"aioseo_notices":[],"_links":{"self":[{"href":"https:\/\/nspj.wroclaw.pl\/new\/wp-json\/wp\/v2\/pages\/3223","targetHints":{"allow":["GET"]}}],"collection":[{"href":"https:\/\/nspj.wroclaw.pl\/new\/wp-json\/wp\/v2\/pages"}],"about":[{"href":"https:\/\/nspj.wroclaw.pl\/new\/wp-json\/wp\/v2\/types\/page"}],"author":[{"embeddable":true,"href":"https:\/\/nspj.wroclaw.pl\/new\/wp-json\/wp\/v2\/users\/1"}],"replies":[{"embeddable":true,"href":"https:\/\/nspj.wroclaw.pl\/new\/wp-json\/wp\/v2\/comments?post=3223"}],"version-history":[{"count":13,"href":"https:\/\/nspj.wroclaw.pl\/new\/wp-json\/wp\/v2\/pages\/3223\/revisions"}],"predecessor-version":[{"id":6496,"href":"https:\/\/nspj.wroclaw.pl\/new\/wp-json\/wp\/v2\/pages\/3223\/revisions\/6496"}],"wp:featuredmedia":[{"embeddable":true,"href":"https:\/\/nspj.wroclaw.pl\/new\/wp-json\/wp\/v2\/media\/3231"}],"wp:attachment":[{"href":"https:\/\/nspj.wroclaw.pl\/new\/wp-json\/wp\/v2\/media?parent=3223"}],"curies":[{"name":"wp","href":"https:\/\/api.w.org\/{rel}","templated":true}]}}